{"id":4183,"date":"2024-02-23T11:30:54","date_gmt":"2024-02-23T10:30:54","guid":{"rendered":"https:\/\/maternelle.providence-wavre.be\/?page_id=4183"},"modified":"2024-02-23T13:09:42","modified_gmt":"2024-02-23T12:09:42","slug":"exposition-photos-pour-les-m2-m3","status":"publish","type":"page","link":"https:\/\/maternelle.providence-wavre.be\/index.php\/exposition-photos-pour-les-m2-m3\/","title":{"rendered":"Exposition PHOTOS"},"content":{"rendered":"\n<p>Nos petits \u00e9l\u00e8ves se sont rendus \u00e0 une expo photos \u00ab\u00a0autour du livre\u00a0\u00bb durant ce mois de f\u00e9vrier. L\u2019occasion de s\u2019ouvrir \u00e0 la culture ainsi qu\u2019\u00e0 une mani\u00e8re diff\u00e9rente de voir les choses. Partis \u00e0 pied accompagn\u00e9s de leurs institutrices et de monsieur Nicolas (CAPE asbl), ils en ont profit\u00e9 pour se balader.  <\/p>\n\n\n\n<p>L\u2019expo a \u00e9t\u00e9 cr\u00e9\u00e9e par les membres du WaNum\u2019Art \u00ae. <\/p>\n\n\n\n<figure class=\"wp-block-gallery columns-2 is-cropped wp-block-gallery-1 is-layout-flex wp-block-gallery-is-layout-flex\"><ul class=\"blocks-gallery-grid\"><li class=\"blocks-gallery-item\"><figure><img loading=\"lazy\" decoding=\"async\" width=\"1024\" height=\"768\" src=\"https:\/\/maternelle.providence-wavre.be\/wp-content\/uploads\/2024\/02\/DSCN9523-1-1024x768.jpg\" alt=\"\" data-id=\"4192\" data-full-url=\"https:\/\/maternelle.providence-wavre.be\/wp-content\/uploads\/2024\/02\/DSCN9523-1-scaled.jpg\" data-link=\"https:\/\/maternelle.providence-wavre.be\/?attachment_id=4192\" class=\"wp-image-4192\" srcset=\"https:\/\/maternelle.providence-wavre.be\/wp-content\/uploads\/2024\/02\/DSCN9523-1-1024x768.jpg 1024w, https:\/\/maternelle.providence-wavre.be\/wp-content\/uploads\/2024\/02\/DSCN9523-1-300x225.jpg 300w, https:\/\/maternelle.providence-wavre.be\/wp-content\/uploads\/2024\/02\/DSCN9523-1-768x576.jpg 768w, https:\/\/maternelle.providence-wavre.be\/wp-content\/uploads\/2024\/02\/DSCN9523-1-1536x1152.jpg 1536w, https:\/\/maternelle.providence-wavre.be\/wp-content\/uploads\/2024\/02\/DSCN9523-1-2048x1536.jpg 2048w\" sizes=\"auto, (max-width: 767px) 89vw, (max-width: 1000px) 54vw, (max-width: 1071px) 543px, 580px\" \/><\/figure><\/li><li class=\"blocks-gallery-item\"><figure><img loading=\"lazy\" decoding=\"async\" width=\"1024\" height=\"768\" src=\"https:\/\/maternelle.providence-wavre.be\/wp-content\/uploads\/2024\/02\/DSCN9524-1-1024x768.jpg\" alt=\"\" data-id=\"4194\" data-full-url=\"https:\/\/maternelle.providence-wavre.be\/wp-content\/uploads\/2024\/02\/DSCN9524-1-scaled.jpg\" data-link=\"https:\/\/maternelle.providence-wavre.be\/?attachment_id=4194\" class=\"wp-image-4194\" srcset=\"https:\/\/maternelle.providence-wavre.be\/wp-content\/uploads\/2024\/02\/DSCN9524-1-1024x768.jpg 1024w, https:\/\/maternelle.providence-wavre.be\/wp-content\/uploads\/2024\/02\/DSCN9524-1-300x225.jpg 300w, https:\/\/maternelle.providence-wavre.be\/wp-content\/uploads\/2024\/02\/DSCN9524-1-768x576.jpg 768w, https:\/\/maternelle.providence-wavre.be\/wp-content\/uploads\/2024\/02\/DSCN9524-1-1536x1152.jpg 1536w, https:\/\/maternelle.providence-wavre.be\/wp-content\/uploads\/2024\/02\/DSCN9524-1-2048x1536.jpg 2048w\" sizes=\"auto, (max-width: 767px) 89vw, (max-width: 1000px) 54vw, (max-width: 1071px) 543px, 580px\" \/><\/figure><\/li><\/ul><\/figure>\n\n\n\n<figure class=\"wp-block-gallery columns-3 is-cropped wp-block-gallery-2 is-layout-flex wp-block-gallery-is-layout-flex\"><ul class=\"blocks-gallery-grid\"><li class=\"blocks-gallery-item\"><figure><img loading=\"lazy\" decoding=\"async\" width=\"768\" height=\"1024\" src=\"https:\/\/maternelle.providence-wavre.be\/wp-content\/uploads\/2024\/02\/DSCN9525-768x1024.jpg\" alt=\"\" data-id=\"4186\" data-full-url=\"https:\/\/maternelle.providence-wavre.be\/wp-content\/uploads\/2024\/02\/DSCN9525-scaled.jpg\" data-link=\"https:\/\/maternelle.providence-wavre.be\/?attachment_id=4186\" class=\"wp-image-4186\" srcset=\"https:\/\/maternelle.providence-wavre.be\/wp-content\/uploads\/2024\/02\/DSCN9525-768x1024.jpg 768w, https:\/\/maternelle.providence-wavre.be\/wp-content\/uploads\/2024\/02\/DSCN9525-225x300.jpg 225w, https:\/\/maternelle.providence-wavre.be\/wp-content\/uploads\/2024\/02\/DSCN9525-1152x1536.jpg 1152w, https:\/\/maternelle.providence-wavre.be\/wp-content\/uploads\/2024\/02\/DSCN9525-1536x2048.jpg 1536w, https:\/\/maternelle.providence-wavre.be\/wp-content\/uploads\/2024\/02\/DSCN9525-scaled.jpg 1920w\" sizes=\"auto, (max-width: 767px) 89vw, (max-width: 1000px) 54vw, (max-width: 1071px) 543px, 580px\" \/><\/figure><\/li><li class=\"blocks-gallery-item\"><figure><img loading=\"lazy\" decoding=\"async\" width=\"768\" height=\"1024\" src=\"https:\/\/maternelle.providence-wavre.be\/wp-content\/uploads\/2024\/02\/DSCN9526-768x1024.jpg\" alt=\"\" data-id=\"4187\" data-full-url=\"https:\/\/maternelle.providence-wavre.be\/wp-content\/uploads\/2024\/02\/DSCN9526-scaled.jpg\" data-link=\"https:\/\/maternelle.providence-wavre.be\/?attachment_id=4187\" class=\"wp-image-4187\" srcset=\"https:\/\/maternelle.providence-wavre.be\/wp-content\/uploads\/2024\/02\/DSCN9526-768x1024.jpg 768w, https:\/\/maternelle.providence-wavre.be\/wp-content\/uploads\/2024\/02\/DSCN9526-225x300.jpg 225w, https:\/\/maternelle.providence-wavre.be\/wp-content\/uploads\/2024\/02\/DSCN9526-1152x1536.jpg 1152w, https:\/\/maternelle.providence-wavre.be\/wp-content\/uploads\/2024\/02\/DSCN9526-1536x2048.jpg 1536w, https:\/\/maternelle.providence-wavre.be\/wp-content\/uploads\/2024\/02\/DSCN9526-scaled.jpg 1920w\" sizes=\"auto, (max-width: 767px) 89vw, (max-width: 1000px) 54vw, (max-width: 1071px) 543px, 580px\" \/><\/figure><\/li><li class=\"blocks-gallery-item\"><figure><img loading=\"lazy\" decoding=\"async\" width=\"768\" height=\"1024\" src=\"https:\/\/maternelle.providence-wavre.be\/wp-content\/uploads\/2024\/02\/DSCN9527-768x1024.jpg\" alt=\"\" data-id=\"4188\" data-full-url=\"https:\/\/maternelle.providence-wavre.be\/wp-content\/uploads\/2024\/02\/DSCN9527-scaled.jpg\" data-link=\"https:\/\/maternelle.providence-wavre.be\/?attachment_id=4188\" class=\"wp-image-4188\" srcset=\"https:\/\/maternelle.providence-wavre.be\/wp-content\/uploads\/2024\/02\/DSCN9527-768x1024.jpg 768w, https:\/\/maternelle.providence-wavre.be\/wp-content\/uploads\/2024\/02\/DSCN9527-225x300.jpg 225w, https:\/\/maternelle.providence-wavre.be\/wp-content\/uploads\/2024\/02\/DSCN9527-1152x1536.jpg 1152w, https:\/\/maternelle.providence-wavre.be\/wp-content\/uploads\/2024\/02\/DSCN9527-1536x2048.jpg 1536w, https:\/\/maternelle.providence-wavre.be\/wp-content\/uploads\/2024\/02\/DSCN9527-scaled.jpg 1920w\" sizes=\"auto, (max-width: 767px) 89vw, (max-width: 1000px) 54vw, (max-width: 1071px) 543px, 580px\" \/><\/figure><\/li><li class=\"blocks-gallery-item\"><figure><img loading=\"lazy\" decoding=\"async\" width=\"768\" height=\"1024\" src=\"https:\/\/maternelle.providence-wavre.be\/wp-content\/uploads\/2024\/02\/DSCN9528-768x1024.jpg\" alt=\"\" data-id=\"4189\" data-full-url=\"https:\/\/maternelle.providence-wavre.be\/wp-content\/uploads\/2024\/02\/DSCN9528-scaled.jpg\" data-link=\"https:\/\/maternelle.providence-wavre.be\/?attachment_id=4189\" class=\"wp-image-4189\" srcset=\"https:\/\/maternelle.providence-wavre.be\/wp-content\/uploads\/2024\/02\/DSCN9528-768x1024.jpg 768w, https:\/\/maternelle.providence-wavre.be\/wp-content\/uploads\/2024\/02\/DSCN9528-225x300.jpg 225w, https:\/\/maternelle.providence-wavre.be\/wp-content\/uploads\/2024\/02\/DSCN9528-1152x1536.jpg 1152w, https:\/\/maternelle.providence-wavre.be\/wp-content\/uploads\/2024\/02\/DSCN9528-1536x2048.jpg 1536w, https:\/\/maternelle.providence-wavre.be\/wp-content\/uploads\/2024\/02\/DSCN9528-scaled.jpg 1920w\" sizes=\"auto, (max-width: 767px) 89vw, (max-width: 1000px) 54vw, (max-width: 1071px) 543px, 580px\" \/><\/figure><\/li><li class=\"blocks-gallery-item\"><figure><img loading=\"lazy\" decoding=\"async\" width=\"1024\" height=\"768\" src=\"https:\/\/maternelle.providence-wavre.be\/wp-content\/uploads\/2024\/02\/DSCN9529-1024x768.jpg\" alt=\"\" data-id=\"4190\" data-full-url=\"https:\/\/maternelle.providence-wavre.be\/wp-content\/uploads\/2024\/02\/DSCN9529-scaled.jpg\" data-link=\"https:\/\/maternelle.providence-wavre.be\/?attachment_id=4190\" class=\"wp-image-4190\" srcset=\"https:\/\/maternelle.providence-wavre.be\/wp-content\/uploads\/2024\/02\/DSCN9529-1024x768.jpg 1024w, https:\/\/maternelle.providence-wavre.be\/wp-content\/uploads\/2024\/02\/DSCN9529-300x225.jpg 300w, https:\/\/maternelle.providence-wavre.be\/wp-content\/uploads\/2024\/02\/DSCN9529-768x576.jpg 768w, https:\/\/maternelle.providence-wavre.be\/wp-content\/uploads\/2024\/02\/DSCN9529-1536x1152.jpg 1536w, https:\/\/maternelle.providence-wavre.be\/wp-content\/uploads\/2024\/02\/DSCN9529-2048x1536.jpg 2048w\" sizes=\"auto, (max-width: 767px) 89vw, (max-width: 1000px) 54vw, (max-width: 1071px) 543px, 580px\" \/><\/figure><\/li><li class=\"blocks-gallery-item\"><figure><img loading=\"lazy\" decoding=\"async\" width=\"768\" height=\"1024\" src=\"https:\/\/maternelle.providence-wavre.be\/wp-content\/uploads\/2024\/02\/DSCN9530-768x1024.jpg\" alt=\"\" data-id=\"4191\" data-full-url=\"https:\/\/maternelle.providence-wavre.be\/wp-content\/uploads\/2024\/02\/DSCN9530-scaled.jpg\" data-link=\"https:\/\/maternelle.providence-wavre.be\/?attachment_id=4191\" class=\"wp-image-4191\" srcset=\"https:\/\/maternelle.providence-wavre.be\/wp-content\/uploads\/2024\/02\/DSCN9530-768x1024.jpg 768w, https:\/\/maternelle.providence-wavre.be\/wp-content\/uploads\/2024\/02\/DSCN9530-225x300.jpg 225w, https:\/\/maternelle.providence-wavre.be\/wp-content\/uploads\/2024\/02\/DSCN9530-1152x1536.jpg 1152w, https:\/\/maternelle.providence-wavre.be\/wp-content\/uploads\/2024\/02\/DSCN9530-1536x2048.jpg 1536w, https:\/\/maternelle.providence-wavre.be\/wp-content\/uploads\/2024\/02\/DSCN9530-scaled.jpg 1920w\" sizes=\"auto, (max-width: 767px) 89vw, (max-width: 1000px) 54vw, (max-width: 1071px) 543px, 580px\" \/><\/figure><\/li><li class=\"blocks-gallery-item\"><figure><img loading=\"lazy\" decoding=\"async\" width=\"768\" height=\"1024\" src=\"https:\/\/maternelle.providence-wavre.be\/wp-content\/uploads\/2024\/02\/DSCN9531-768x1024.jpg\" alt=\"\" data-id=\"4193\" data-full-url=\"https:\/\/maternelle.providence-wavre.be\/wp-content\/uploads\/2024\/02\/DSCN9531-scaled.jpg\" data-link=\"https:\/\/maternelle.providence-wavre.be\/?attachment_id=4193\" class=\"wp-image-4193\" srcset=\"https:\/\/maternelle.providence-wavre.be\/wp-content\/uploads\/2024\/02\/DSCN9531-768x1024.jpg 768w, https:\/\/maternelle.providence-wavre.be\/wp-content\/uploads\/2024\/02\/DSCN9531-225x300.jpg 225w, https:\/\/maternelle.providence-wavre.be\/wp-content\/uploads\/2024\/02\/DSCN9531-1152x1536.jpg 1152w, https:\/\/maternelle.providence-wavre.be\/wp-content\/uploads\/2024\/02\/DSCN9531-1536x2048.jpg 1536w, https:\/\/maternelle.providence-wavre.be\/wp-content\/uploads\/2024\/02\/DSCN9531-scaled.jpg 1920w\" sizes=\"auto, (max-width: 767px) 89vw, (max-width: 1000px) 54vw, (max-width: 1071px) 543px, 580px\" \/><\/figure><\/li><li class=\"blocks-gallery-item\"><figure><img loading=\"lazy\" decoding=\"async\" width=\"768\" height=\"1024\" src=\"https:\/\/maternelle.providence-wavre.be\/wp-content\/uploads\/2024\/02\/DSCN9535-768x1024.jpg\" alt=\"\" data-id=\"4195\" data-full-url=\"https:\/\/maternelle.providence-wavre.be\/wp-content\/uploads\/2024\/02\/DSCN9535-scaled.jpg\" data-link=\"https:\/\/maternelle.providence-wavre.be\/?attachment_id=4195\" class=\"wp-image-4195\" srcset=\"https:\/\/maternelle.providence-wavre.be\/wp-content\/uploads\/2024\/02\/DSCN9535-768x1024.jpg 768w, https:\/\/maternelle.providence-wavre.be\/wp-content\/uploads\/2024\/02\/DSCN9535-225x300.jpg 225w, https:\/\/maternelle.providence-wavre.be\/wp-content\/uploads\/2024\/02\/DSCN9535-1152x1536.jpg 1152w, https:\/\/maternelle.providence-wavre.be\/wp-content\/uploads\/2024\/02\/DSCN9535-1536x2048.jpg 1536w, https:\/\/maternelle.providence-wavre.be\/wp-content\/uploads\/2024\/02\/DSCN9535-scaled.jpg 1920w\" sizes=\"auto, (max-width: 767px) 89vw, (max-width: 1000px) 54vw, (max-width: 1071px) 543px, 580px\" \/><\/figure><\/li><\/ul><\/figure>\n","protected":false},"excerpt":{"rendered":"<p>Nos petits \u00e9l\u00e8ves se sont rendus \u00e0 une expo photos \u00ab\u00a0autour du livre\u00a0\u00bb durant ce mois de f\u00e9vrier. L\u2019occasion de s\u2019ouvrir \u00e0 la culture ainsi qu\u2019\u00e0 une mani\u00e8re diff\u00e9rente de voir les choses. Partis \u00e0 pied accompagn\u00e9s de leurs institutrices et de monsieur Nicolas (CAPE asbl), ils en ont profit\u00e9 pour se balader. L\u2019expo a &hellip; <\/p>\n<p class=\"link-more\"><a href=\"https:\/\/maternelle.providence-wavre.be\/index.php\/exposition-photos-pour-les-m2-m3\/\" class=\"more-link\">Continuer la lecture<span class=\"screen-reader-text\"> de &laquo;&nbsp;Exposition PHOTOS&nbsp;&raquo;<\/span><\/a><\/p>\n","protected":false},"author":1,"featured_media":0,"parent":0,"menu_order":0,"comment_status":"closed","ping_status":"closed","template":"","meta":{"footnotes":""},"class_list":["post-4183","page","type-page","status-publish","hentry"],"_links":{"self":[{"href":"https:\/\/maternelle.providence-wavre.be\/index.php\/wp-json\/wp\/v2\/pages\/4183","targetHints":{"allow":["GET"]}}],"collection":[{"href":"https:\/\/maternelle.providence-wavre.be\/index.php\/wp-json\/wp\/v2\/pages"}],"about":[{"href":"https:\/\/maternelle.providence-wavre.be\/index.php\/wp-json\/wp\/v2\/types\/page"}],"author":[{"embeddable":true,"href":"https:\/\/maternelle.providence-wavre.be\/index.php\/wp-json\/wp\/v2\/users\/1"}],"replies":[{"embeddable":true,"href":"https:\/\/maternelle.providence-wavre.be\/index.php\/wp-json\/wp\/v2\/comments?post=4183"}],"version-history":[{"count":2,"href":"https:\/\/maternelle.providence-wavre.be\/index.php\/wp-json\/wp\/v2\/pages\/4183\/revisions"}],"predecessor-version":[{"id":4226,"href":"https:\/\/maternelle.providence-wavre.be\/index.php\/wp-json\/wp\/v2\/pages\/4183\/revisions\/4226"}],"wp:attachment":[{"href":"https:\/\/maternelle.providence-wavre.be\/index.php\/wp-json\/wp\/v2\/media?parent=4183"}],"curies":[{"name":"wp","href":"https:\/\/api.w.org\/{rel}","templated":true}]}}