{"id":5153,"date":"2024-10-07T12:26:24","date_gmt":"2024-10-07T10:26:24","guid":{"rendered":"https:\/\/maternelle.providence-wavre.be\/?page_id=5153"},"modified":"2024-10-07T12:26:24","modified_gmt":"2024-10-07T10:26:24","slug":"securite-routiere-entre-theorie-et-pratique","status":"publish","type":"page","link":"https:\/\/maternelle.providence-wavre.be\/index.php\/securite-routiere-entre-theorie-et-pratique\/","title":{"rendered":"S\u00e9curit\u00e9 routi\u00e8re : entre th\u00e9orie et pratique"},"content":{"rendered":"\n<p class=\"has-text-color has-background wp-block-paragraph\" style=\"background-color:#e8bbec;color:#1512bf\">Nous avons, comme toujours, la chance d&rsquo;accueillir Madame la polici\u00e8re dans notre \u00e9cole pour une sensibilisation \u00e0 la s\u00e9curit\u00e9 routi\u00e8re. Comme il est bon d&rsquo;apprendre mais d&rsquo;essayer \u00e9galement, nos petits \u00e9l\u00e8ves ont eu une courte formation th\u00e9orique reprenant des informations utiles adapt\u00e9es aux enfants de maternelle afin de conna\u00eetre les bons et les mauvais comportements sur la voie publique. <\/p>\n\n\n\n<p class=\"has-text-color has-background wp-block-paragraph\" style=\"background-color:#e8bbec;color:#1512bf\">Le lendemain, nos petits usagers de la \u00ab\u00a0cour de r\u00e9cr\u00e9ation\u00a0\u00bb ont eu l&rsquo;occasion de s&rsquo;essayer \u00e0 un circuit plus vrai que nature qui comportait : un passage \u00e0 niveau, un feu, des panneaux routiers,&#8230; Tout comme en vrai! <\/p>\n\n\n\n<p class=\"wp-block-paragraph\"><strong>LA THEORIE AVANT LA PRATIQUE EN IMAGES<\/strong><\/p>\n\n\n\n<figure class=\"wp-block-gallery columns-3 is-cropped wp-block-gallery-1 is-layout-flex wp-block-gallery-is-layout-flex\"><ul class=\"blocks-gallery-grid\"><li class=\"blocks-gallery-item\"><figure><img loading=\"lazy\" decoding=\"async\" width=\"1024\" height=\"768\" src=\"https:\/\/maternelle.providence-wavre.be\/wp-content\/uploads\/2024\/10\/IMG-20240923-WA0039-1024x768.jpg\" alt=\"\" data-id=\"5154\" data-full-url=\"https:\/\/maternelle.providence-wavre.be\/wp-content\/uploads\/2024\/10\/IMG-20240923-WA0039.jpg\" data-link=\"https:\/\/maternelle.providence-wavre.be\/?attachment_id=5154\" class=\"wp-image-5154\" srcset=\"https:\/\/maternelle.providence-wavre.be\/wp-content\/uploads\/2024\/10\/IMG-20240923-WA0039-1024x768.jpg 1024w, https:\/\/maternelle.providence-wavre.be\/wp-content\/uploads\/2024\/10\/IMG-20240923-WA0039-300x225.jpg 300w, https:\/\/maternelle.providence-wavre.be\/wp-content\/uploads\/2024\/10\/IMG-20240923-WA0039-768x576.jpg 768w, https:\/\/maternelle.providence-wavre.be\/wp-content\/uploads\/2024\/10\/IMG-20240923-WA0039-1536x1152.jpg 1536w, https:\/\/maternelle.providence-wavre.be\/wp-content\/uploads\/2024\/10\/IMG-20240923-WA0039.jpg 2000w\" sizes=\"auto, (max-width: 767px) 89vw, (max-width: 1000px) 54vw, (max-width: 1071px) 543px, 580px\" \/><\/figure><\/li><li class=\"blocks-gallery-item\"><figure><img loading=\"lazy\" decoding=\"async\" width=\"1024\" height=\"768\" src=\"https:\/\/maternelle.providence-wavre.be\/wp-content\/uploads\/2024\/10\/IMG-20240923-WA0040-1024x768.jpg\" alt=\"\" data-id=\"5155\" data-full-url=\"https:\/\/maternelle.providence-wavre.be\/wp-content\/uploads\/2024\/10\/IMG-20240923-WA0040.jpg\" data-link=\"https:\/\/maternelle.providence-wavre.be\/?attachment_id=5155\" class=\"wp-image-5155\" srcset=\"https:\/\/maternelle.providence-wavre.be\/wp-content\/uploads\/2024\/10\/IMG-20240923-WA0040-1024x768.jpg 1024w, https:\/\/maternelle.providence-wavre.be\/wp-content\/uploads\/2024\/10\/IMG-20240923-WA0040-300x225.jpg 300w, https:\/\/maternelle.providence-wavre.be\/wp-content\/uploads\/2024\/10\/IMG-20240923-WA0040-768x576.jpg 768w, https:\/\/maternelle.providence-wavre.be\/wp-content\/uploads\/2024\/10\/IMG-20240923-WA0040-1536x1152.jpg 1536w, https:\/\/maternelle.providence-wavre.be\/wp-content\/uploads\/2024\/10\/IMG-20240923-WA0040.jpg 2000w\" sizes=\"auto, (max-width: 767px) 89vw, (max-width: 1000px) 54vw, (max-width: 1071px) 543px, 580px\" \/><\/figure><\/li><li class=\"blocks-gallery-item\"><figure><img loading=\"lazy\" decoding=\"async\" width=\"768\" height=\"1024\" src=\"https:\/\/maternelle.providence-wavre.be\/wp-content\/uploads\/2024\/10\/IMG-20240923-WA0042-768x1024.jpg\" alt=\"\" data-id=\"5156\" data-full-url=\"https:\/\/maternelle.providence-wavre.be\/wp-content\/uploads\/2024\/10\/IMG-20240923-WA0042.jpg\" data-link=\"https:\/\/maternelle.providence-wavre.be\/?attachment_id=5156\" class=\"wp-image-5156\" srcset=\"https:\/\/maternelle.providence-wavre.be\/wp-content\/uploads\/2024\/10\/IMG-20240923-WA0042-768x1024.jpg 768w, https:\/\/maternelle.providence-wavre.be\/wp-content\/uploads\/2024\/10\/IMG-20240923-WA0042-225x300.jpg 225w, https:\/\/maternelle.providence-wavre.be\/wp-content\/uploads\/2024\/10\/IMG-20240923-WA0042-1152x1536.jpg 1152w, https:\/\/maternelle.providence-wavre.be\/wp-content\/uploads\/2024\/10\/IMG-20240923-WA0042.jpg 1500w\" sizes=\"auto, (max-width: 767px) 89vw, (max-width: 1000px) 54vw, (max-width: 1071px) 543px, 580px\" \/><\/figure><\/li><li class=\"blocks-gallery-item\"><figure><img loading=\"lazy\" decoding=\"async\" width=\"1024\" height=\"768\" src=\"https:\/\/maternelle.providence-wavre.be\/wp-content\/uploads\/2024\/10\/IMG-20240923-WA0062-1024x768.jpg\" alt=\"\" data-id=\"5157\" data-full-url=\"https:\/\/maternelle.providence-wavre.be\/wp-content\/uploads\/2024\/10\/IMG-20240923-WA0062.jpg\" data-link=\"https:\/\/maternelle.providence-wavre.be\/?attachment_id=5157\" class=\"wp-image-5157\" srcset=\"https:\/\/maternelle.providence-wavre.be\/wp-content\/uploads\/2024\/10\/IMG-20240923-WA0062-1024x768.jpg 1024w, https:\/\/maternelle.providence-wavre.be\/wp-content\/uploads\/2024\/10\/IMG-20240923-WA0062-300x225.jpg 300w, https:\/\/maternelle.providence-wavre.be\/wp-content\/uploads\/2024\/10\/IMG-20240923-WA0062-768x576.jpg 768w, https:\/\/maternelle.providence-wavre.be\/wp-content\/uploads\/2024\/10\/IMG-20240923-WA0062-1536x1152.jpg 1536w, https:\/\/maternelle.providence-wavre.be\/wp-content\/uploads\/2024\/10\/IMG-20240923-WA0062.jpg 1600w\" sizes=\"auto, (max-width: 767px) 89vw, (max-width: 1000px) 54vw, (max-width: 1071px) 543px, 580px\" \/><\/figure><\/li><li class=\"blocks-gallery-item\"><figure><img loading=\"lazy\" decoding=\"async\" width=\"768\" height=\"1024\" src=\"https:\/\/maternelle.providence-wavre.be\/wp-content\/uploads\/2024\/10\/IMG-20240923-WA0065-768x1024.jpg\" alt=\"\" data-id=\"5158\" data-full-url=\"https:\/\/maternelle.providence-wavre.be\/wp-content\/uploads\/2024\/10\/IMG-20240923-WA0065.jpg\" data-link=\"https:\/\/maternelle.providence-wavre.be\/?attachment_id=5158\" class=\"wp-image-5158\" srcset=\"https:\/\/maternelle.providence-wavre.be\/wp-content\/uploads\/2024\/10\/IMG-20240923-WA0065-768x1024.jpg 768w, https:\/\/maternelle.providence-wavre.be\/wp-content\/uploads\/2024\/10\/IMG-20240923-WA0065-225x300.jpg 225w, https:\/\/maternelle.providence-wavre.be\/wp-content\/uploads\/2024\/10\/IMG-20240923-WA0065-1152x1536.jpg 1152w, https:\/\/maternelle.providence-wavre.be\/wp-content\/uploads\/2024\/10\/IMG-20240923-WA0065.jpg 1200w\" sizes=\"auto, (max-width: 767px) 89vw, (max-width: 1000px) 54vw, (max-width: 1071px) 543px, 580px\" \/><\/figure><\/li><\/ul><\/figure>\n\n\n\n<p class=\"wp-block-paragraph\"><strong>ET APRES, RIEN DE TEL QUE D&rsquo;ESSAYER EN PRATIQUANT! <\/strong><\/p>\n\n\n\n<figure class=\"wp-block-gallery columns-3 is-cropped wp-block-gallery-2 is-layout-flex wp-block-gallery-is-layout-flex\"><ul class=\"blocks-gallery-grid\"><li class=\"blocks-gallery-item\"><figure><img loading=\"lazy\" decoding=\"async\" width=\"768\" height=\"1024\" src=\"https:\/\/maternelle.providence-wavre.be\/wp-content\/uploads\/2024\/10\/IMG-20240924-WA0035-768x1024.jpg\" alt=\"\" data-id=\"5159\" data-full-url=\"https:\/\/maternelle.providence-wavre.be\/wp-content\/uploads\/2024\/10\/IMG-20240924-WA0035.jpg\" data-link=\"https:\/\/maternelle.providence-wavre.be\/?attachment_id=5159\" class=\"wp-image-5159\" srcset=\"https:\/\/maternelle.providence-wavre.be\/wp-content\/uploads\/2024\/10\/IMG-20240924-WA0035-768x1024.jpg 768w, https:\/\/maternelle.providence-wavre.be\/wp-content\/uploads\/2024\/10\/IMG-20240924-WA0035-225x300.jpg 225w, https:\/\/maternelle.providence-wavre.be\/wp-content\/uploads\/2024\/10\/IMG-20240924-WA0035-1152x1536.jpg 1152w, https:\/\/maternelle.providence-wavre.be\/wp-content\/uploads\/2024\/10\/IMG-20240924-WA0035.jpg 1200w\" sizes=\"auto, (max-width: 767px) 89vw, (max-width: 1000px) 54vw, (max-width: 1071px) 543px, 580px\" \/><\/figure><\/li><li class=\"blocks-gallery-item\"><figure><img loading=\"lazy\" decoding=\"async\" width=\"768\" height=\"1024\" src=\"https:\/\/maternelle.providence-wavre.be\/wp-content\/uploads\/2024\/10\/IMG-20240924-WA0036-768x1024.jpg\" alt=\"\" data-id=\"5160\" data-full-url=\"https:\/\/maternelle.providence-wavre.be\/wp-content\/uploads\/2024\/10\/IMG-20240924-WA0036.jpg\" data-link=\"https:\/\/maternelle.providence-wavre.be\/?attachment_id=5160\" class=\"wp-image-5160\" srcset=\"https:\/\/maternelle.providence-wavre.be\/wp-content\/uploads\/2024\/10\/IMG-20240924-WA0036-768x1024.jpg 768w, https:\/\/maternelle.providence-wavre.be\/wp-content\/uploads\/2024\/10\/IMG-20240924-WA0036-225x300.jpg 225w, https:\/\/maternelle.providence-wavre.be\/wp-content\/uploads\/2024\/10\/IMG-20240924-WA0036-1152x1536.jpg 1152w, https:\/\/maternelle.providence-wavre.be\/wp-content\/uploads\/2024\/10\/IMG-20240924-WA0036.jpg 1200w\" sizes=\"auto, (max-width: 767px) 89vw, (max-width: 1000px) 54vw, (max-width: 1071px) 543px, 580px\" \/><\/figure><\/li><li class=\"blocks-gallery-item\"><figure><img loading=\"lazy\" decoding=\"async\" width=\"1024\" height=\"768\" src=\"https:\/\/maternelle.providence-wavre.be\/wp-content\/uploads\/2024\/10\/IMG-20240925-WA0032-1024x768.jpg\" alt=\"\" data-id=\"5161\" data-full-url=\"https:\/\/maternelle.providence-wavre.be\/wp-content\/uploads\/2024\/10\/IMG-20240925-WA0032.jpg\" data-link=\"https:\/\/maternelle.providence-wavre.be\/?attachment_id=5161\" class=\"wp-image-5161\" srcset=\"https:\/\/maternelle.providence-wavre.be\/wp-content\/uploads\/2024\/10\/IMG-20240925-WA0032-1024x768.jpg 1024w, https:\/\/maternelle.providence-wavre.be\/wp-content\/uploads\/2024\/10\/IMG-20240925-WA0032-300x225.jpg 300w, https:\/\/maternelle.providence-wavre.be\/wp-content\/uploads\/2024\/10\/IMG-20240925-WA0032-768x576.jpg 768w, https:\/\/maternelle.providence-wavre.be\/wp-content\/uploads\/2024\/10\/IMG-20240925-WA0032-1536x1152.jpg 1536w, https:\/\/maternelle.providence-wavre.be\/wp-content\/uploads\/2024\/10\/IMG-20240925-WA0032.jpg 1600w\" sizes=\"auto, (max-width: 767px) 89vw, (max-width: 1000px) 54vw, (max-width: 1071px) 543px, 580px\" \/><\/figure><\/li><li class=\"blocks-gallery-item\"><figure><img loading=\"lazy\" decoding=\"async\" width=\"1024\" height=\"768\" src=\"https:\/\/maternelle.providence-wavre.be\/wp-content\/uploads\/2024\/10\/IMG-20240925-WA0036-1024x768.jpg\" alt=\"\" data-id=\"5162\" data-full-url=\"https:\/\/maternelle.providence-wavre.be\/wp-content\/uploads\/2024\/10\/IMG-20240925-WA0036.jpg\" data-link=\"https:\/\/maternelle.providence-wavre.be\/?attachment_id=5162\" class=\"wp-image-5162\" srcset=\"https:\/\/maternelle.providence-wavre.be\/wp-content\/uploads\/2024\/10\/IMG-20240925-WA0036-1024x768.jpg 1024w, https:\/\/maternelle.providence-wavre.be\/wp-content\/uploads\/2024\/10\/IMG-20240925-WA0036-300x225.jpg 300w, https:\/\/maternelle.providence-wavre.be\/wp-content\/uploads\/2024\/10\/IMG-20240925-WA0036-768x576.jpg 768w, https:\/\/maternelle.providence-wavre.be\/wp-content\/uploads\/2024\/10\/IMG-20240925-WA0036-1536x1152.jpg 1536w, https:\/\/maternelle.providence-wavre.be\/wp-content\/uploads\/2024\/10\/IMG-20240925-WA0036.jpg 1600w\" sizes=\"auto, (max-width: 767px) 89vw, (max-width: 1000px) 54vw, (max-width: 1071px) 543px, 580px\" \/><\/figure><\/li><li class=\"blocks-gallery-item\"><figure><img loading=\"lazy\" decoding=\"async\" width=\"1024\" height=\"768\" src=\"https:\/\/maternelle.providence-wavre.be\/wp-content\/uploads\/2024\/10\/IMG-20240925-WA0040-1024x768.jpg\" alt=\"\" data-id=\"5163\" data-full-url=\"https:\/\/maternelle.providence-wavre.be\/wp-content\/uploads\/2024\/10\/IMG-20240925-WA0040.jpg\" data-link=\"https:\/\/maternelle.providence-wavre.be\/?attachment_id=5163\" class=\"wp-image-5163\" srcset=\"https:\/\/maternelle.providence-wavre.be\/wp-content\/uploads\/2024\/10\/IMG-20240925-WA0040-1024x768.jpg 1024w, https:\/\/maternelle.providence-wavre.be\/wp-content\/uploads\/2024\/10\/IMG-20240925-WA0040-300x225.jpg 300w, https:\/\/maternelle.providence-wavre.be\/wp-content\/uploads\/2024\/10\/IMG-20240925-WA0040-768x576.jpg 768w, https:\/\/maternelle.providence-wavre.be\/wp-content\/uploads\/2024\/10\/IMG-20240925-WA0040-1536x1152.jpg 1536w, https:\/\/maternelle.providence-wavre.be\/wp-content\/uploads\/2024\/10\/IMG-20240925-WA0040.jpg 1600w\" sizes=\"auto, (max-width: 767px) 89vw, (max-width: 1000px) 54vw, (max-width: 1071px) 543px, 580px\" \/><\/figure><\/li><li class=\"blocks-gallery-item\"><figure><img loading=\"lazy\" decoding=\"async\" width=\"768\" height=\"1024\" src=\"https:\/\/maternelle.providence-wavre.be\/wp-content\/uploads\/2024\/10\/IMG-20240925-WA0041-768x1024.jpg\" alt=\"\" data-id=\"5164\" data-full-url=\"https:\/\/maternelle.providence-wavre.be\/wp-content\/uploads\/2024\/10\/IMG-20240925-WA0041.jpg\" data-link=\"https:\/\/maternelle.providence-wavre.be\/?attachment_id=5164\" class=\"wp-image-5164\" srcset=\"https:\/\/maternelle.providence-wavre.be\/wp-content\/uploads\/2024\/10\/IMG-20240925-WA0041-768x1024.jpg 768w, https:\/\/maternelle.providence-wavre.be\/wp-content\/uploads\/2024\/10\/IMG-20240925-WA0041-225x300.jpg 225w, https:\/\/maternelle.providence-wavre.be\/wp-content\/uploads\/2024\/10\/IMG-20240925-WA0041-1152x1536.jpg 1152w, https:\/\/maternelle.providence-wavre.be\/wp-content\/uploads\/2024\/10\/IMG-20240925-WA0041.jpg 1200w\" sizes=\"auto, (max-width: 767px) 89vw, (max-width: 1000px) 54vw, (max-width: 1071px) 543px, 580px\" \/><\/figure><\/li><li class=\"blocks-gallery-item\"><figure><img loading=\"lazy\" decoding=\"async\" width=\"768\" height=\"1024\" src=\"https:\/\/maternelle.providence-wavre.be\/wp-content\/uploads\/2024\/10\/IMG-20240925-WA0053-768x1024.jpg\" alt=\"\" data-id=\"5165\" data-full-url=\"https:\/\/maternelle.providence-wavre.be\/wp-content\/uploads\/2024\/10\/IMG-20240925-WA0053.jpg\" data-link=\"https:\/\/maternelle.providence-wavre.be\/?attachment_id=5165\" class=\"wp-image-5165\" srcset=\"https:\/\/maternelle.providence-wavre.be\/wp-content\/uploads\/2024\/10\/IMG-20240925-WA0053-768x1024.jpg 768w, https:\/\/maternelle.providence-wavre.be\/wp-content\/uploads\/2024\/10\/IMG-20240925-WA0053-225x300.jpg 225w, https:\/\/maternelle.providence-wavre.be\/wp-content\/uploads\/2024\/10\/IMG-20240925-WA0053-1152x1536.jpg 1152w, https:\/\/maternelle.providence-wavre.be\/wp-content\/uploads\/2024\/10\/IMG-20240925-WA0053.jpg 1200w\" sizes=\"auto, (max-width: 767px) 89vw, (max-width: 1000px) 54vw, (max-width: 1071px) 543px, 580px\" \/><\/figure><\/li><li class=\"blocks-gallery-item\"><figure><img loading=\"lazy\" decoding=\"async\" width=\"1024\" height=\"768\" src=\"https:\/\/maternelle.providence-wavre.be\/wp-content\/uploads\/2024\/10\/IMG-20240925-WA0057-1024x768.jpg\" alt=\"\" data-id=\"5166\" data-full-url=\"https:\/\/maternelle.providence-wavre.be\/wp-content\/uploads\/2024\/10\/IMG-20240925-WA0057.jpg\" data-link=\"https:\/\/maternelle.providence-wavre.be\/?attachment_id=5166\" class=\"wp-image-5166\" srcset=\"https:\/\/maternelle.providence-wavre.be\/wp-content\/uploads\/2024\/10\/IMG-20240925-WA0057-1024x768.jpg 1024w, https:\/\/maternelle.providence-wavre.be\/wp-content\/uploads\/2024\/10\/IMG-20240925-WA0057-300x225.jpg 300w, https:\/\/maternelle.providence-wavre.be\/wp-content\/uploads\/2024\/10\/IMG-20240925-WA0057-768x576.jpg 768w, https:\/\/maternelle.providence-wavre.be\/wp-content\/uploads\/2024\/10\/IMG-20240925-WA0057-1536x1152.jpg 1536w, https:\/\/maternelle.providence-wavre.be\/wp-content\/uploads\/2024\/10\/IMG-20240925-WA0057.jpg 1600w\" sizes=\"auto, (max-width: 767px) 89vw, (max-width: 1000px) 54vw, (max-width: 1071px) 543px, 580px\" \/><\/figure><\/li><li class=\"blocks-gallery-item\"><figure><img loading=\"lazy\" decoding=\"async\" width=\"1024\" height=\"768\" src=\"https:\/\/maternelle.providence-wavre.be\/wp-content\/uploads\/2024\/10\/IMG-20240925-WA0058-1024x768.jpg\" alt=\"\" data-id=\"5167\" data-full-url=\"https:\/\/maternelle.providence-wavre.be\/wp-content\/uploads\/2024\/10\/IMG-20240925-WA0058.jpg\" data-link=\"https:\/\/maternelle.providence-wavre.be\/?attachment_id=5167\" class=\"wp-image-5167\" srcset=\"https:\/\/maternelle.providence-wavre.be\/wp-content\/uploads\/2024\/10\/IMG-20240925-WA0058-1024x768.jpg 1024w, https:\/\/maternelle.providence-wavre.be\/wp-content\/uploads\/2024\/10\/IMG-20240925-WA0058-300x225.jpg 300w, https:\/\/maternelle.providence-wavre.be\/wp-content\/uploads\/2024\/10\/IMG-20240925-WA0058-768x576.jpg 768w, https:\/\/maternelle.providence-wavre.be\/wp-content\/uploads\/2024\/10\/IMG-20240925-WA0058-1536x1152.jpg 1536w, https:\/\/maternelle.providence-wavre.be\/wp-content\/uploads\/2024\/10\/IMG-20240925-WA0058.jpg 1600w\" sizes=\"auto, (max-width: 767px) 89vw, (max-width: 1000px) 54vw, (max-width: 1071px) 543px, 580px\" \/><\/figure><\/li><li class=\"blocks-gallery-item\"><figure><img loading=\"lazy\" decoding=\"async\" width=\"768\" height=\"1024\" src=\"https:\/\/maternelle.providence-wavre.be\/wp-content\/uploads\/2024\/10\/IMG-20240925-WA0064-768x1024.jpg\" alt=\"\" data-id=\"5168\" data-full-url=\"https:\/\/maternelle.providence-wavre.be\/wp-content\/uploads\/2024\/10\/IMG-20240925-WA0064.jpg\" data-link=\"https:\/\/maternelle.providence-wavre.be\/?attachment_id=5168\" class=\"wp-image-5168\" srcset=\"https:\/\/maternelle.providence-wavre.be\/wp-content\/uploads\/2024\/10\/IMG-20240925-WA0064-768x1024.jpg 768w, https:\/\/maternelle.providence-wavre.be\/wp-content\/uploads\/2024\/10\/IMG-20240925-WA0064-225x300.jpg 225w, https:\/\/maternelle.providence-wavre.be\/wp-content\/uploads\/2024\/10\/IMG-20240925-WA0064-1152x1536.jpg 1152w, https:\/\/maternelle.providence-wavre.be\/wp-content\/uploads\/2024\/10\/IMG-20240925-WA0064.jpg 1200w\" sizes=\"auto, (max-width: 767px) 89vw, (max-width: 1000px) 54vw, (max-width: 1071px) 543px, 580px\" \/><\/figure><\/li><\/ul><\/figure>\n","protected":false},"excerpt":{"rendered":"<p>Nous avons, comme toujours, la chance d&rsquo;accueillir Madame la polici\u00e8re dans notre \u00e9cole pour une sensibilisation \u00e0 la s\u00e9curit\u00e9 routi\u00e8re. Comme il est bon d&rsquo;apprendre mais d&rsquo;essayer \u00e9galement, nos petits \u00e9l\u00e8ves ont eu une courte formation th\u00e9orique reprenant des informations utiles adapt\u00e9es aux enfants de maternelle afin de conna\u00eetre les bons et les mauvais comportements &hellip; <\/p>\n<p class=\"link-more\"><a href=\"https:\/\/maternelle.providence-wavre.be\/index.php\/securite-routiere-entre-theorie-et-pratique\/\" class=\"more-link\">Continuer la lecture<span class=\"screen-reader-text\"> de &laquo;&nbsp;S\u00e9curit\u00e9 routi\u00e8re : entre th\u00e9orie et pratique&nbsp;&raquo;<\/span><\/a><\/p>\n","protected":false},"author":1,"featured_media":0,"parent":0,"menu_order":0,"comment_status":"closed","ping_status":"closed","template":"","meta":{"footnotes":""},"class_list":["post-5153","page","type-page","status-publish","hentry"],"_links":{"self":[{"href":"https:\/\/maternelle.providence-wavre.be\/index.php\/wp-json\/wp\/v2\/pages\/5153","targetHints":{"allow":["GET"]}}],"collection":[{"href":"https:\/\/maternelle.providence-wavre.be\/index.php\/wp-json\/wp\/v2\/pages"}],"about":[{"href":"https:\/\/maternelle.providence-wavre.be\/index.php\/wp-json\/wp\/v2\/types\/page"}],"author":[{"embeddable":true,"href":"https:\/\/maternelle.providence-wavre.be\/index.php\/wp-json\/wp\/v2\/users\/1"}],"replies":[{"embeddable":true,"href":"https:\/\/maternelle.providence-wavre.be\/index.php\/wp-json\/wp\/v2\/comments?post=5153"}],"version-history":[{"count":1,"href":"https:\/\/maternelle.providence-wavre.be\/index.php\/wp-json\/wp\/v2\/pages\/5153\/revisions"}],"predecessor-version":[{"id":5171,"href":"https:\/\/maternelle.providence-wavre.be\/index.php\/wp-json\/wp\/v2\/pages\/5153\/revisions\/5171"}],"wp:attachment":[{"href":"https:\/\/maternelle.providence-wavre.be\/index.php\/wp-json\/wp\/v2\/media?parent=5153"}],"curies":[{"name":"wp","href":"https:\/\/api.w.org\/{rel}","templated":true}]}}