{"id":5485,"date":"2024-12-06T15:38:21","date_gmt":"2024-12-06T14:38:21","guid":{"rendered":"https:\/\/maternelle.providence-wavre.be\/?page_id=5485"},"modified":"2024-12-06T15:38:21","modified_gmt":"2024-12-06T14:38:21","slug":"quand-saint-nicolas-nous-rend-visite","status":"publish","type":"page","link":"https:\/\/maternelle.providence-wavre.be\/index.php\/quand-saint-nicolas-nous-rend-visite\/","title":{"rendered":"Quand Saint-Nicolas nous rend visite&#8230;"},"content":{"rendered":"\n<p>Cette ann\u00e9e, le grand Saint est arriv\u00e9 sur sa belle monture, un beau cheval blanc!<\/p>\n\n\n\n<p>Celui-ci a fait son entr\u00e9e au rythme des rires, des cris de joie et des chants des enfants \u00e9videmment ravis par son arriv\u00e9e. <\/p>\n\n\n\n<p>Ce moment magique est un v\u00e9ritable bonheur qui se r\u00e9p\u00e8te tous les ans et tous l&rsquo;attendent avec impatience!<\/p>\n\n\n\n<p>Saint-Nicolas s&rsquo;est rendu dans les 2 sections (maternelle et primaire) et les enfants ont tous re\u00e7u de petites douceurs qu&rsquo;ils se feront un plaisir de d\u00e9guster le week-end venu. <\/p>\n\n\n\n<p>En maternelle, nos petits copains ont \u00e9t\u00e9 bien g\u00e2t\u00e9s. Cette ann\u00e9e, notre cher Saint-Nicolas leur offre une journ\u00e9e compl\u00e8te dans la plaine de jeux couverte \u00ab\u00a0Flying Kids\u00a0\u00bb. <\/p>\n\n\n\n<figure class=\"wp-block-gallery columns-3 is-cropped wp-block-gallery-1 is-layout-flex wp-block-gallery-is-layout-flex\"><ul class=\"blocks-gallery-grid\"><li class=\"blocks-gallery-item\"><figure><img loading=\"lazy\" decoding=\"async\" width=\"461\" height=\"1024\" src=\"https:\/\/maternelle.providence-wavre.be\/wp-content\/uploads\/2024\/12\/IMG-20241206-WA0015-461x1024.jpg\" alt=\"\" data-id=\"5490\" data-full-url=\"https:\/\/maternelle.providence-wavre.be\/wp-content\/uploads\/2024\/12\/IMG-20241206-WA0015.jpg\" data-link=\"https:\/\/maternelle.providence-wavre.be\/?attachment_id=5490\" class=\"wp-image-5490\" srcset=\"https:\/\/maternelle.providence-wavre.be\/wp-content\/uploads\/2024\/12\/IMG-20241206-WA0015-461x1024.jpg 461w, https:\/\/maternelle.providence-wavre.be\/wp-content\/uploads\/2024\/12\/IMG-20241206-WA0015-135x300.jpg 135w, https:\/\/maternelle.providence-wavre.be\/wp-content\/uploads\/2024\/12\/IMG-20241206-WA0015-691x1536.jpg 691w, https:\/\/maternelle.providence-wavre.be\/wp-content\/uploads\/2024\/12\/IMG-20241206-WA0015.jpg 720w\" sizes=\"auto, (max-width: 461px) 100vw, 461px\" \/><\/figure><\/li><li class=\"blocks-gallery-item\"><figure><img loading=\"lazy\" decoding=\"async\" width=\"1024\" height=\"461\" src=\"https:\/\/maternelle.providence-wavre.be\/wp-content\/uploads\/2024\/12\/IMG-20241206-WA0016-1024x461.jpg\" alt=\"\" data-id=\"5491\" data-full-url=\"https:\/\/maternelle.providence-wavre.be\/wp-content\/uploads\/2024\/12\/IMG-20241206-WA0016.jpg\" data-link=\"https:\/\/maternelle.providence-wavre.be\/?attachment_id=5491\" class=\"wp-image-5491\" srcset=\"https:\/\/maternelle.providence-wavre.be\/wp-content\/uploads\/2024\/12\/IMG-20241206-WA0016-1024x461.jpg 1024w, https:\/\/maternelle.providence-wavre.be\/wp-content\/uploads\/2024\/12\/IMG-20241206-WA0016-300x135.jpg 300w, https:\/\/maternelle.providence-wavre.be\/wp-content\/uploads\/2024\/12\/IMG-20241206-WA0016-768x346.jpg 768w, https:\/\/maternelle.providence-wavre.be\/wp-content\/uploads\/2024\/12\/IMG-20241206-WA0016-1536x691.jpg 1536w, https:\/\/maternelle.providence-wavre.be\/wp-content\/uploads\/2024\/12\/IMG-20241206-WA0016.jpg 1600w\" sizes=\"auto, (max-width: 767px) 89vw, (max-width: 1000px) 54vw, (max-width: 1071px) 543px, 580px\" \/><\/figure><\/li><li class=\"blocks-gallery-item\"><figure><img loading=\"lazy\" decoding=\"async\" width=\"1024\" height=\"461\" src=\"https:\/\/maternelle.providence-wavre.be\/wp-content\/uploads\/2024\/12\/IMG-20241206-WA0017-1024x461.jpg\" alt=\"\" data-id=\"5492\" data-full-url=\"https:\/\/maternelle.providence-wavre.be\/wp-content\/uploads\/2024\/12\/IMG-20241206-WA0017.jpg\" data-link=\"https:\/\/maternelle.providence-wavre.be\/?attachment_id=5492\" class=\"wp-image-5492\" srcset=\"https:\/\/maternelle.providence-wavre.be\/wp-content\/uploads\/2024\/12\/IMG-20241206-WA0017-1024x461.jpg 1024w, https:\/\/maternelle.providence-wavre.be\/wp-content\/uploads\/2024\/12\/IMG-20241206-WA0017-300x135.jpg 300w, https:\/\/maternelle.providence-wavre.be\/wp-content\/uploads\/2024\/12\/IMG-20241206-WA0017-768x346.jpg 768w, https:\/\/maternelle.providence-wavre.be\/wp-content\/uploads\/2024\/12\/IMG-20241206-WA0017-1536x691.jpg 1536w, https:\/\/maternelle.providence-wavre.be\/wp-content\/uploads\/2024\/12\/IMG-20241206-WA0017.jpg 1600w\" sizes=\"auto, (max-width: 767px) 89vw, (max-width: 1000px) 54vw, (max-width: 1071px) 543px, 580px\" \/><\/figure><\/li><li class=\"blocks-gallery-item\"><figure><img loading=\"lazy\" decoding=\"async\" width=\"461\" height=\"1024\" src=\"https:\/\/maternelle.providence-wavre.be\/wp-content\/uploads\/2024\/12\/IMG-20241206-WA0019-461x1024.jpg\" alt=\"\" data-id=\"5493\" data-full-url=\"https:\/\/maternelle.providence-wavre.be\/wp-content\/uploads\/2024\/12\/IMG-20241206-WA0019.jpg\" data-link=\"https:\/\/maternelle.providence-wavre.be\/?attachment_id=5493\" class=\"wp-image-5493\" srcset=\"https:\/\/maternelle.providence-wavre.be\/wp-content\/uploads\/2024\/12\/IMG-20241206-WA0019-461x1024.jpg 461w, https:\/\/maternelle.providence-wavre.be\/wp-content\/uploads\/2024\/12\/IMG-20241206-WA0019-135x300.jpg 135w, https:\/\/maternelle.providence-wavre.be\/wp-content\/uploads\/2024\/12\/IMG-20241206-WA0019-691x1536.jpg 691w, https:\/\/maternelle.providence-wavre.be\/wp-content\/uploads\/2024\/12\/IMG-20241206-WA0019.jpg 720w\" sizes=\"auto, (max-width: 461px) 100vw, 461px\" \/><\/figure><\/li><li class=\"blocks-gallery-item\"><figure><img loading=\"lazy\" decoding=\"async\" width=\"1024\" height=\"461\" src=\"https:\/\/maternelle.providence-wavre.be\/wp-content\/uploads\/2024\/12\/IMG-20241206-WA0020-1024x461.jpg\" alt=\"\" data-id=\"5494\" data-full-url=\"https:\/\/maternelle.providence-wavre.be\/wp-content\/uploads\/2024\/12\/IMG-20241206-WA0020.jpg\" data-link=\"https:\/\/maternelle.providence-wavre.be\/?attachment_id=5494\" class=\"wp-image-5494\" srcset=\"https:\/\/maternelle.providence-wavre.be\/wp-content\/uploads\/2024\/12\/IMG-20241206-WA0020-1024x461.jpg 1024w, https:\/\/maternelle.providence-wavre.be\/wp-content\/uploads\/2024\/12\/IMG-20241206-WA0020-300x135.jpg 300w, https:\/\/maternelle.providence-wavre.be\/wp-content\/uploads\/2024\/12\/IMG-20241206-WA0020-768x346.jpg 768w, https:\/\/maternelle.providence-wavre.be\/wp-content\/uploads\/2024\/12\/IMG-20241206-WA0020-1536x691.jpg 1536w, https:\/\/maternelle.providence-wavre.be\/wp-content\/uploads\/2024\/12\/IMG-20241206-WA0020.jpg 1600w\" sizes=\"auto, (max-width: 767px) 89vw, (max-width: 1000px) 54vw, (max-width: 1071px) 543px, 580px\" \/><\/figure><\/li><li class=\"blocks-gallery-item\"><figure><img loading=\"lazy\" decoding=\"async\" width=\"1024\" height=\"518\" src=\"https:\/\/maternelle.providence-wavre.be\/wp-content\/uploads\/2024\/12\/IMG-20241206-WA0021-1024x518.jpg\" alt=\"\" data-id=\"5495\" data-full-url=\"https:\/\/maternelle.providence-wavre.be\/wp-content\/uploads\/2024\/12\/IMG-20241206-WA0021.jpg\" data-link=\"https:\/\/maternelle.providence-wavre.be\/?attachment_id=5495\" class=\"wp-image-5495\" srcset=\"https:\/\/maternelle.providence-wavre.be\/wp-content\/uploads\/2024\/12\/IMG-20241206-WA0021-1024x518.jpg 1024w, https:\/\/maternelle.providence-wavre.be\/wp-content\/uploads\/2024\/12\/IMG-20241206-WA0021-300x152.jpg 300w, https:\/\/maternelle.providence-wavre.be\/wp-content\/uploads\/2024\/12\/IMG-20241206-WA0021-768x388.jpg 768w, https:\/\/maternelle.providence-wavre.be\/wp-content\/uploads\/2024\/12\/IMG-20241206-WA0021.jpg 1404w\" sizes=\"auto, (max-width: 767px) 89vw, (max-width: 1000px) 54vw, (max-width: 1071px) 543px, 580px\" \/><\/figure><\/li><li class=\"blocks-gallery-item\"><figure><img loading=\"lazy\" decoding=\"async\" width=\"1024\" height=\"560\" src=\"https:\/\/maternelle.providence-wavre.be\/wp-content\/uploads\/2024\/12\/IMG-20241206-WA0027-1024x560.jpg\" alt=\"\" data-id=\"5496\" data-full-url=\"https:\/\/maternelle.providence-wavre.be\/wp-content\/uploads\/2024\/12\/IMG-20241206-WA0027.jpg\" data-link=\"https:\/\/maternelle.providence-wavre.be\/?attachment_id=5496\" class=\"wp-image-5496\" srcset=\"https:\/\/maternelle.providence-wavre.be\/wp-content\/uploads\/2024\/12\/IMG-20241206-WA0027-1024x560.jpg 1024w, https:\/\/maternelle.providence-wavre.be\/wp-content\/uploads\/2024\/12\/IMG-20241206-WA0027-300x164.jpg 300w, https:\/\/maternelle.providence-wavre.be\/wp-content\/uploads\/2024\/12\/IMG-20241206-WA0027-768x420.jpg 768w, https:\/\/maternelle.providence-wavre.be\/wp-content\/uploads\/2024\/12\/IMG-20241206-WA0027.jpg 1309w\" sizes=\"auto, (max-width: 767px) 89vw, (max-width: 1000px) 54vw, (max-width: 1071px) 543px, 580px\" \/><\/figure><\/li><li class=\"blocks-gallery-item\"><figure><img loading=\"lazy\" decoding=\"async\" width=\"460\" height=\"1024\" src=\"https:\/\/maternelle.providence-wavre.be\/wp-content\/uploads\/2024\/12\/IMG-20241206-WA0029-460x1024.jpg\" alt=\"\" data-id=\"5497\" data-full-url=\"https:\/\/maternelle.providence-wavre.be\/wp-content\/uploads\/2024\/12\/IMG-20241206-WA0029.jpg\" data-link=\"https:\/\/maternelle.providence-wavre.be\/?attachment_id=5497\" class=\"wp-image-5497\" srcset=\"https:\/\/maternelle.providence-wavre.be\/wp-content\/uploads\/2024\/12\/IMG-20241206-WA0029-460x1024.jpg 460w, https:\/\/maternelle.providence-wavre.be\/wp-content\/uploads\/2024\/12\/IMG-20241206-WA0029-135x300.jpg 135w, https:\/\/maternelle.providence-wavre.be\/wp-content\/uploads\/2024\/12\/IMG-20241206-WA0029-690x1536.jpg 690w, https:\/\/maternelle.providence-wavre.be\/wp-content\/uploads\/2024\/12\/IMG-20241206-WA0029.jpg 719w\" sizes=\"auto, (max-width: 460px) 100vw, 460px\" \/><\/figure><\/li><li class=\"blocks-gallery-item\"><figure><img loading=\"lazy\" decoding=\"async\" width=\"460\" height=\"1024\" src=\"https:\/\/maternelle.providence-wavre.be\/wp-content\/uploads\/2024\/12\/IMG-20241206-WA0030-460x1024.jpg\" alt=\"\" data-id=\"5498\" data-full-url=\"https:\/\/maternelle.providence-wavre.be\/wp-content\/uploads\/2024\/12\/IMG-20241206-WA0030.jpg\" data-link=\"https:\/\/maternelle.providence-wavre.be\/?attachment_id=5498\" class=\"wp-image-5498\" srcset=\"https:\/\/maternelle.providence-wavre.be\/wp-content\/uploads\/2024\/12\/IMG-20241206-WA0030-460x1024.jpg 460w, https:\/\/maternelle.providence-wavre.be\/wp-content\/uploads\/2024\/12\/IMG-20241206-WA0030-135x300.jpg 135w, https:\/\/maternelle.providence-wavre.be\/wp-content\/uploads\/2024\/12\/IMG-20241206-WA0030-690x1536.jpg 690w, https:\/\/maternelle.providence-wavre.be\/wp-content\/uploads\/2024\/12\/IMG-20241206-WA0030.jpg 719w\" sizes=\"auto, (max-width: 460px) 100vw, 460px\" \/><\/figure><\/li><li class=\"blocks-gallery-item\"><figure><img loading=\"lazy\" decoding=\"async\" width=\"181\" height=\"374\" src=\"https:\/\/maternelle.providence-wavre.be\/wp-content\/uploads\/2024\/12\/IMG-20241206-WA0031.jpg\" alt=\"\" data-id=\"5499\" data-full-url=\"https:\/\/maternelle.providence-wavre.be\/wp-content\/uploads\/2024\/12\/IMG-20241206-WA0031.jpg\" data-link=\"https:\/\/maternelle.providence-wavre.be\/?attachment_id=5499\" class=\"wp-image-5499\" srcset=\"https:\/\/maternelle.providence-wavre.be\/wp-content\/uploads\/2024\/12\/IMG-20241206-WA0031.jpg 181w, https:\/\/maternelle.providence-wavre.be\/wp-content\/uploads\/2024\/12\/IMG-20241206-WA0031-145x300.jpg 145w\" sizes=\"auto, (max-width: 181px) 100vw, 181px\" \/><\/figure><\/li><li class=\"blocks-gallery-item\"><figure><img loading=\"lazy\" decoding=\"async\" width=\"460\" height=\"1024\" src=\"https:\/\/maternelle.providence-wavre.be\/wp-content\/uploads\/2024\/12\/IMG-20241206-WA0032-460x1024.jpg\" alt=\"\" data-id=\"5500\" data-full-url=\"https:\/\/maternelle.providence-wavre.be\/wp-content\/uploads\/2024\/12\/IMG-20241206-WA0032.jpg\" data-link=\"https:\/\/maternelle.providence-wavre.be\/?attachment_id=5500\" class=\"wp-image-5500\" srcset=\"https:\/\/maternelle.providence-wavre.be\/wp-content\/uploads\/2024\/12\/IMG-20241206-WA0032-460x1024.jpg 460w, https:\/\/maternelle.providence-wavre.be\/wp-content\/uploads\/2024\/12\/IMG-20241206-WA0032-135x300.jpg 135w, https:\/\/maternelle.providence-wavre.be\/wp-content\/uploads\/2024\/12\/IMG-20241206-WA0032-690x1536.jpg 690w, https:\/\/maternelle.providence-wavre.be\/wp-content\/uploads\/2024\/12\/IMG-20241206-WA0032.jpg 719w\" sizes=\"auto, (max-width: 460px) 100vw, 460px\" \/><\/figure><\/li><li class=\"blocks-gallery-item\"><figure><img loading=\"lazy\" decoding=\"async\" width=\"745\" height=\"713\" src=\"https:\/\/maternelle.providence-wavre.be\/wp-content\/uploads\/2024\/12\/IMG-20241206-WA0033.jpg\" alt=\"\" data-id=\"5501\" data-full-url=\"https:\/\/maternelle.providence-wavre.be\/wp-content\/uploads\/2024\/12\/IMG-20241206-WA0033.jpg\" data-link=\"https:\/\/maternelle.providence-wavre.be\/?attachment_id=5501\" class=\"wp-image-5501\" srcset=\"https:\/\/maternelle.providence-wavre.be\/wp-content\/uploads\/2024\/12\/IMG-20241206-WA0033.jpg 745w, https:\/\/maternelle.providence-wavre.be\/wp-content\/uploads\/2024\/12\/IMG-20241206-WA0033-300x287.jpg 300w\" sizes=\"auto, (max-width: 706px) 89vw, (max-width: 767px) 82vw, 740px\" \/><\/figure><\/li><li class=\"blocks-gallery-item\"><figure><img loading=\"lazy\" decoding=\"async\" width=\"461\" height=\"1024\" src=\"https:\/\/maternelle.providence-wavre.be\/wp-content\/uploads\/2024\/12\/IMG-20241206-WA0034-461x1024.jpg\" alt=\"\" data-id=\"5502\" data-full-url=\"https:\/\/maternelle.providence-wavre.be\/wp-content\/uploads\/2024\/12\/IMG-20241206-WA0034.jpg\" data-link=\"https:\/\/maternelle.providence-wavre.be\/?attachment_id=5502\" class=\"wp-image-5502\" srcset=\"https:\/\/maternelle.providence-wavre.be\/wp-content\/uploads\/2024\/12\/IMG-20241206-WA0034-461x1024.jpg 461w, https:\/\/maternelle.providence-wavre.be\/wp-content\/uploads\/2024\/12\/IMG-20241206-WA0034-135x300.jpg 135w, https:\/\/maternelle.providence-wavre.be\/wp-content\/uploads\/2024\/12\/IMG-20241206-WA0034-691x1536.jpg 691w, https:\/\/maternelle.providence-wavre.be\/wp-content\/uploads\/2024\/12\/IMG-20241206-WA0034.jpg 720w\" sizes=\"auto, (max-width: 461px) 100vw, 461px\" \/><\/figure><\/li><li class=\"blocks-gallery-item\"><figure><img loading=\"lazy\" decoding=\"async\" width=\"461\" height=\"1024\" src=\"https:\/\/maternelle.providence-wavre.be\/wp-content\/uploads\/2024\/12\/IMG-20241206-WA0036-461x1024.jpg\" alt=\"\" data-id=\"5503\" data-full-url=\"https:\/\/maternelle.providence-wavre.be\/wp-content\/uploads\/2024\/12\/IMG-20241206-WA0036.jpg\" data-link=\"https:\/\/maternelle.providence-wavre.be\/?attachment_id=5503\" class=\"wp-image-5503\" srcset=\"https:\/\/maternelle.providence-wavre.be\/wp-content\/uploads\/2024\/12\/IMG-20241206-WA0036-461x1024.jpg 461w, https:\/\/maternelle.providence-wavre.be\/wp-content\/uploads\/2024\/12\/IMG-20241206-WA0036-135x300.jpg 135w, https:\/\/maternelle.providence-wavre.be\/wp-content\/uploads\/2024\/12\/IMG-20241206-WA0036-691x1536.jpg 691w, https:\/\/maternelle.providence-wavre.be\/wp-content\/uploads\/2024\/12\/IMG-20241206-WA0036.jpg 720w\" sizes=\"auto, (max-width: 461px) 100vw, 461px\" \/><\/figure><\/li><li class=\"blocks-gallery-item\"><figure><img loading=\"lazy\" decoding=\"async\" width=\"1024\" height=\"461\" src=\"https:\/\/maternelle.providence-wavre.be\/wp-content\/uploads\/2024\/12\/IMG-20241206-WA0039-1024x461.jpg\" alt=\"\" data-id=\"5504\" data-full-url=\"https:\/\/maternelle.providence-wavre.be\/wp-content\/uploads\/2024\/12\/IMG-20241206-WA0039.jpg\" data-link=\"https:\/\/maternelle.providence-wavre.be\/?attachment_id=5504\" class=\"wp-image-5504\" srcset=\"https:\/\/maternelle.providence-wavre.be\/wp-content\/uploads\/2024\/12\/IMG-20241206-WA0039-1024x461.jpg 1024w, https:\/\/maternelle.providence-wavre.be\/wp-content\/uploads\/2024\/12\/IMG-20241206-WA0039-300x135.jpg 300w, https:\/\/maternelle.providence-wavre.be\/wp-content\/uploads\/2024\/12\/IMG-20241206-WA0039-768x346.jpg 768w, https:\/\/maternelle.providence-wavre.be\/wp-content\/uploads\/2024\/12\/IMG-20241206-WA0039-1536x691.jpg 1536w, https:\/\/maternelle.providence-wavre.be\/wp-content\/uploads\/2024\/12\/IMG-20241206-WA0039.jpg 1600w\" sizes=\"auto, (max-width: 767px) 89vw, (max-width: 1000px) 54vw, (max-width: 1071px) 543px, 580px\" \/><\/figure><\/li><li class=\"blocks-gallery-item\"><figure><img loading=\"lazy\" decoding=\"async\" width=\"1024\" height=\"461\" src=\"https:\/\/maternelle.providence-wavre.be\/wp-content\/uploads\/2024\/12\/IMG-20241206-WA0052-1024x461.jpg\" alt=\"\" data-id=\"5505\" data-full-url=\"https:\/\/maternelle.providence-wavre.be\/wp-content\/uploads\/2024\/12\/IMG-20241206-WA0052.jpg\" data-link=\"https:\/\/maternelle.providence-wavre.be\/?attachment_id=5505\" class=\"wp-image-5505\" srcset=\"https:\/\/maternelle.providence-wavre.be\/wp-content\/uploads\/2024\/12\/IMG-20241206-WA0052-1024x461.jpg 1024w, https:\/\/maternelle.providence-wavre.be\/wp-content\/uploads\/2024\/12\/IMG-20241206-WA0052-300x135.jpg 300w, https:\/\/maternelle.providence-wavre.be\/wp-content\/uploads\/2024\/12\/IMG-20241206-WA0052-768x346.jpg 768w, https:\/\/maternelle.providence-wavre.be\/wp-content\/uploads\/2024\/12\/IMG-20241206-WA0052-1536x691.jpg 1536w, https:\/\/maternelle.providence-wavre.be\/wp-content\/uploads\/2024\/12\/IMG-20241206-WA0052.jpg 1600w\" sizes=\"auto, (max-width: 767px) 89vw, (max-width: 1000px) 54vw, (max-width: 1071px) 543px, 580px\" \/><\/figure><\/li><\/ul><\/figure>\n\n\n\n<p>Voici de jolies photos de classe de nos petits amis de maternelle&#8230;<\/p>\n\n\n\n<figure class=\"wp-block-gallery columns-1 is-cropped wp-block-gallery-2 is-layout-flex wp-block-gallery-is-layout-flex\"><ul class=\"blocks-gallery-grid\"><li class=\"blocks-gallery-item\"><figure><img loading=\"lazy\" decoding=\"async\" width=\"1024\" height=\"768\" src=\"https:\/\/maternelle.providence-wavre.be\/wp-content\/uploads\/2024\/12\/IMG-20241206-WA0081-1-1024x768.jpg\" alt=\"\" data-id=\"5506\" data-link=\"https:\/\/maternelle.providence-wavre.be\/?attachment_id=5506\" class=\"wp-image-5506\" srcset=\"https:\/\/maternelle.providence-wavre.be\/wp-content\/uploads\/2024\/12\/IMG-20241206-WA0081-1-1024x768.jpg 1024w, https:\/\/maternelle.providence-wavre.be\/wp-content\/uploads\/2024\/12\/IMG-20241206-WA0081-1-300x225.jpg 300w, https:\/\/maternelle.providence-wavre.be\/wp-content\/uploads\/2024\/12\/IMG-20241206-WA0081-1-768x576.jpg 768w, https:\/\/maternelle.providence-wavre.be\/wp-content\/uploads\/2024\/12\/IMG-20241206-WA0081-1.jpg 1500w\" sizes=\"auto, (max-width: 767px) 89vw, (max-width: 1000px) 54vw, (max-width: 1071px) 543px, 580px\" \/><figcaption class=\"blocks-gallery-item__caption\">M3 &#8211; Mme Nathalie<\/figcaption><\/figure><\/li><\/ul><\/figure>\n\n\n\n<figure class=\"wp-block-gallery columns-1 is-cropped wp-block-gallery-3 is-layout-flex wp-block-gallery-is-layout-flex\"><ul class=\"blocks-gallery-grid\"><li class=\"blocks-gallery-item\"><figure><img loading=\"lazy\" decoding=\"async\" width=\"1024\" height=\"768\" src=\"https:\/\/maternelle.providence-wavre.be\/wp-content\/uploads\/2024\/12\/IMG-20241206-WA0072-2-1024x768.jpg\" alt=\"\" data-id=\"5508\" data-full-url=\"https:\/\/maternelle.providence-wavre.be\/wp-content\/uploads\/2024\/12\/IMG-20241206-WA0072-2.jpg\" data-link=\"https:\/\/maternelle.providence-wavre.be\/?attachment_id=5508\" class=\"wp-image-5508\" srcset=\"https:\/\/maternelle.providence-wavre.be\/wp-content\/uploads\/2024\/12\/IMG-20241206-WA0072-2-1024x768.jpg 1024w, https:\/\/maternelle.providence-wavre.be\/wp-content\/uploads\/2024\/12\/IMG-20241206-WA0072-2-300x225.jpg 300w, https:\/\/maternelle.providence-wavre.be\/wp-content\/uploads\/2024\/12\/IMG-20241206-WA0072-2-768x576.jpg 768w, https:\/\/maternelle.providence-wavre.be\/wp-content\/uploads\/2024\/12\/IMG-20241206-WA0072-2.jpg 1500w\" sizes=\"auto, (max-width: 767px) 89vw, (max-width: 1000px) 54vw, (max-width: 1071px) 543px, 580px\" \/><figcaption class=\"blocks-gallery-item__caption\">M2 &#8211; Mme Christel et Mme Isabelle (ALE)<\/figcaption><\/figure><\/li><\/ul><\/figure>\n\n\n\n<figure class=\"wp-block-gallery columns-1 is-cropped wp-block-gallery-4 is-layout-flex wp-block-gallery-is-layout-flex\"><ul class=\"blocks-gallery-grid\"><li class=\"blocks-gallery-item\"><figure><img loading=\"lazy\" decoding=\"async\" width=\"1024\" height=\"768\" src=\"https:\/\/maternelle.providence-wavre.be\/wp-content\/uploads\/2024\/12\/IMG-20241206-WA0076-1-1024x768.jpg\" alt=\"\" data-id=\"5509\" data-full-url=\"https:\/\/maternelle.providence-wavre.be\/wp-content\/uploads\/2024\/12\/IMG-20241206-WA0076-1.jpg\" data-link=\"https:\/\/maternelle.providence-wavre.be\/?attachment_id=5509\" class=\"wp-image-5509\" srcset=\"https:\/\/maternelle.providence-wavre.be\/wp-content\/uploads\/2024\/12\/IMG-20241206-WA0076-1-1024x768.jpg 1024w, https:\/\/maternelle.providence-wavre.be\/wp-content\/uploads\/2024\/12\/IMG-20241206-WA0076-1-300x225.jpg 300w, https:\/\/maternelle.providence-wavre.be\/wp-content\/uploads\/2024\/12\/IMG-20241206-WA0076-1-768x576.jpg 768w, https:\/\/maternelle.providence-wavre.be\/wp-content\/uploads\/2024\/12\/IMG-20241206-WA0076-1.jpg 1500w\" sizes=\"auto, (max-width: 767px) 89vw, (max-width: 1000px) 54vw, (max-width: 1071px) 543px, 580px\" \/><figcaption class=\"blocks-gallery-item__caption\">Accueil &#8211; M1 Mme Anne-Lise et Mme Nath &#8211; Nath (notre pu\u00e9ricultrice)<\/figcaption><\/figure><\/li><\/ul><\/figure>\n\n\n\n<p><\/p>\n","protected":false},"excerpt":{"rendered":"<p>Cette ann\u00e9e, le grand Saint est arriv\u00e9 sur sa belle monture, un beau cheval blanc! Celui-ci a fait son entr\u00e9e au rythme des rires, des cris de joie et des chants des enfants \u00e9videmment ravis par son arriv\u00e9e. Ce moment magique est un v\u00e9ritable bonheur qui se r\u00e9p\u00e8te tous les ans et tous l&rsquo;attendent avec &hellip; <\/p>\n<p class=\"link-more\"><a href=\"https:\/\/maternelle.providence-wavre.be\/index.php\/quand-saint-nicolas-nous-rend-visite\/\" class=\"more-link\">Continuer la lecture<span class=\"screen-reader-text\"> de &laquo;&nbsp;Quand Saint-Nicolas nous rend visite&#8230;&nbsp;&raquo;<\/span><\/a><\/p>\n","protected":false},"author":1,"featured_media":0,"parent":0,"menu_order":0,"comment_status":"closed","ping_status":"closed","template":"","meta":{"footnotes":""},"class_list":["post-5485","page","type-page","status-publish","hentry"],"_links":{"self":[{"href":"https:\/\/maternelle.providence-wavre.be\/index.php\/wp-json\/wp\/v2\/pages\/5485","targetHints":{"allow":["GET"]}}],"collection":[{"href":"https:\/\/maternelle.providence-wavre.be\/index.php\/wp-json\/wp\/v2\/pages"}],"about":[{"href":"https:\/\/maternelle.providence-wavre.be\/index.php\/wp-json\/wp\/v2\/types\/page"}],"author":[{"embeddable":true,"href":"https:\/\/maternelle.providence-wavre.be\/index.php\/wp-json\/wp\/v2\/users\/1"}],"replies":[{"embeddable":true,"href":"https:\/\/maternelle.providence-wavre.be\/index.php\/wp-json\/wp\/v2\/comments?post=5485"}],"version-history":[{"count":2,"href":"https:\/\/maternelle.providence-wavre.be\/index.php\/wp-json\/wp\/v2\/pages\/5485\/revisions"}],"predecessor-version":[{"id":5512,"href":"https:\/\/maternelle.providence-wavre.be\/index.php\/wp-json\/wp\/v2\/pages\/5485\/revisions\/5512"}],"wp:attachment":[{"href":"https:\/\/maternelle.providence-wavre.be\/index.php\/wp-json\/wp\/v2\/media?parent=5485"}],"curies":[{"name":"wp","href":"https:\/\/api.w.org\/{rel}","templated":true}]}}